{"id":135,"date":"2016-10-19T12:37:02","date_gmt":"2016-10-19T12:37:02","guid":{"rendered":"http:\/\/sparks.mikado-themes.com\/?page_id=135"},"modified":"2024-02-28T17:05:49","modified_gmt":"2024-02-28T20:05:49","slug":"app-developer","status":"publish","type":"page","link":"https:\/\/sap.uy\/","title":{"rendered":"Inicio"},"content":{"rendered":"<p>[vc_row disable_margin_on_row=\u00bbno\u00bb][vc_column][rev_slider_vc alias=\u00bbhome3&#8243;][\/vc_column][\/vc_row][vc_row disable_margin_on_row=\u00bbno\u00bb][vc_column]<div class=\"mkd-elements-holder mkd-responsive-mode-1024\" ><div class=\"mkd-elements-holder-item mkd-width-1-2 mkd-vertical-alignment-middle mkd-horizontal-alignment-left\" data-item-class=\"mkd-elements-holder-custom-141191\" data-1280-1440=\"17px 0 0 18%\" data-1024-1280=\"62px 0 0 18%\" data-768-1024=\"90px 0 0 10%\" data-600-768=\"90px 0 0 9%\" data-480=\"100px 8% 0 8%\" >\n    <div class=\"mkd-elements-holder-item-inner\">\n        <div\n            class=\"mkd-elements-holder-item-content mkd-elements-holder-custom-141191\" style=\"padding: 15px 0 0 34%\">\n            <div class=\"mkd-elements-holder-item-content-inner\">\n                [vc_single_image image=\u00bb9356&#8243; img_size=\u00bbfull\u00bb]            <\/div>\n        <\/div>\n    <\/div>\n<\/div><div class=\"mkd-elements-holder-item mkd-width-1-2 mkd-vertical-alignment-middle mkd-horizontal-alignment-left\" data-item-class=\"mkd-elements-holder-custom-913890\" data-1280-1440=\"60px 13% 35px 13%\" data-1024-1280=\"30px 13% 0px 13%\" data-768-1024=\"60px 13% 40px 13%\" data-480=\"60px 10% 40px 10%\" >\n    <div class=\"mkd-elements-holder-item-inner\">\n        <div\n            class=\"mkd-elements-holder-item-content mkd-elements-holder-custom-913890\" style=\"padding: 81px 39% 47px 15px;margin: 0\">\n            <div class=\"mkd-elements-holder-item-content-inner\">\n                [vc_column_text]<\/p>\n<h3>Tu mejor <em>compa\u00f1\u00eda<\/em><\/h3>\n<p>[\/vc_column_text][vc_empty_space height=\u00bb6px\u00bb][vc_column_text]S.A.P. (Servicio de Acompa\u00f1antes Profesional) es una empresa con m\u00e1s de 20 a\u00f1os de experiencia en el rubro.<\/p>\n<p>Nos hemos fijado como objetivo la aplicaci\u00f3n del Modelo de Mejora Continua considerando al cliente como el centro de nuestra organizaci\u00f3n y enfocando todos nuestros procesos para lograr su satisfacci\u00f3n, es as\u00ed que hemos implementado una serie de pol\u00edticas que apuntan a los m\u00e1s altos est\u00e1ndares de atenci\u00f3n.[\/vc_column_text][vc_empty_space height=\u00bb33px\u00bb][vc_row_inner][vc_column_inner width=\u00bb1\/2&#8243;]<div class=\"mkd-unordered-list \" >\n\n            <ul>\n                            <li class=\"mkd-list-item\" style=\"margin-bottom:24px\">\n\n                    \n                    <span class=\"icon\"><i class=\"mkd-icon-linear-icon lnr lnr-star \" style=\"color:#ff625a;font-size:22px\" ><\/i><\/span>\n                    <span class=\"text\" style=\"font-size:15px;padding-left:25px\">Tel\u00e9fono de Guardia las 24 hrs.<\/span>\n                <\/li>\n                            <li class=\"mkd-list-item\" style=\"margin-bottom:24px\">\n\n                    \n                    <span class=\"icon\"><i class=\"mkd-icon-linear-icon lnr lnr-star \" style=\"color:#ff625a;font-size:22px\" ><\/i><\/span>\n                    <span class=\"text\" style=\"font-size:15px;padding-left:25px\">Cobertura Nacional.<\/span>\n                <\/li>\n                            <li class=\"mkd-list-item\" style=\"margin-bottom:24px\">\n\n                    \n                    <span class=\"icon\"><i class=\"mkd-icon-linear-icon lnr lnr-star \" style=\"color:#ff625a;font-size:22px\" ><\/i><\/span>\n                    <span class=\"text\" style=\"font-size:15px;padding-left:25px\">Supervisi\u00f3n Permanente.<\/span>\n                <\/li>\n                            <li class=\"mkd-list-item\" style=\"margin-bottom:24px\">\n\n                    \n                    <span class=\"icon\"><i class=\"mkd-icon-linear-icon lnr lnr-star \" style=\"color:#ff625a;font-size:22px\" ><\/i><\/span>\n                    <span class=\"text\" style=\"font-size:15px;padding-left:25px\">Todo nuestro personal recibe cursos de formaci\u00f3n.<\/span>\n                <\/li>\n                            <li class=\"mkd-list-item\" style=\"margin-bottom:24px\">\n\n                    \n                    <span class=\"icon\"><i class=\"mkd-icon-linear-icon lnr lnr-star \" style=\"color:#ff625a;font-size:22px\" ><\/i><\/span>\n                    <span class=\"text\" style=\"font-size:15px;padding-left:25px\">Cobertura F\u00fanebre<\/span>\n                <\/li>\n                    <\/ul>\n    \n<\/div>[vc_empty_space height=\u00bb35px\u00bb][\/vc_column_inner][vc_column_inner width=\u00bb1\/2&#8243;]<div class=\"mkd-unordered-list \" >\n\n            <ul>\n                            <li class=\"mkd-list-item\" style=\"margin-bottom:24px\">\n\n                    \n                    <span class=\"icon\"><i class=\"mkd-icon-linear-icon lnr lnr-star \" style=\"color:#ff625a;font-size:22px\" ><\/i><\/span>\n                    <span class=\"text\" style=\"font-size:15px;padding-left:25px\">Atenci\u00f3n en Sala de Emergencia<\/span>\n                <\/li>\n                            <li class=\"mkd-list-item\" style=\"margin-bottom:24px\">\n\n                    \n                    <span class=\"icon\"><i class=\"mkd-icon-linear-icon lnr lnr-star \" style=\"color:#ff625a;font-size:22px\" ><\/i><\/span>\n                    <span class=\"text\" style=\"font-size:15px;padding-left:25px\">Centro Calidad de Vida.<\/span>\n                <\/li>\n                            <li class=\"mkd-list-item\" style=\"margin-bottom:24px\">\n\n                    \n                    <span class=\"icon\"><i class=\"mkd-icon-linear-icon lnr lnr-star \" style=\"color:#ff625a;font-size:22px\" ><\/i><\/span>\n                    <span class=\"text\" style=\"font-size:15px;padding-left:25px\">Alquiler y venta de equipos m\u00e9dicos<\/span>\n                <\/li>\n                            <li class=\"mkd-list-item\" style=\"margin-bottom:24px\">\n\n                    \n                    <span class=\"icon\"><i class=\"mkd-icon-linear-icon lnr lnr-star \" style=\"color:#ff625a;font-size:22px\" ><\/i><\/span>\n                    <span class=\"text\" style=\"font-size:15px;padding-left:25px\">Mensajer\u00eda M\u00e9dica Gratis<\/span>\n                <\/li>\n                            <li class=\"mkd-list-item\" style=\"margin-bottom:24px\">\n\n                    \n                    <span class=\"icon\"><i class=\"mkd-icon-linear-icon lnr lnr-star \" style=\"color:#ff625a;font-size:22px\" ><\/i><\/span>\n                    <span class=\"text\" style=\"font-size:15px;padding-left:25px\">Hemoglucotest , curaciones, inyectables, control de presi\u00f3n arterial<\/span>\n                <\/li>\n                    <\/ul>\n    \n<\/div>[vc_empty_space height=\u00bb35px\u00bb][\/vc_column_inner][\/vc_row_inner]            <\/div>\n        <\/div>\n    <\/div>\n<\/div><\/div>[\/vc_column][\/vc_row][vc_row content_aligment=\u00bbcenter\u00bb disable_margin_on_row=\u00bbno\u00bb][vc_column]<div class=\"mkd-elements-holder mkd-responsive-mode-1024\" ><div class=\"mkd-elements-holder-item mkd-width-1-1 mkd-vertical-alignment-middle mkd-horizontal-alignment-left mkd-fade-in\" data-animation=\"mkd-fade-in\" data-item-class=\"mkd-elements-holder-custom-813499\" >\n    <div class=\"mkd-elements-holder-item-inner\">\n        <div\n            class=\"mkd-elements-holder-item-content mkd-elements-holder-custom-813499\" style=\"background-image: url();padding: 0 0 0 0\">\n            <div class=\"mkd-elements-holder-item-content-inner\">\n                <div class=\"mkd-interactive-banner-holder mkd-interactive-banner-align-center mkd-interactive-banner-light-theme mkd-interactive-banner-standard lazyload\" style=\"background-image:inherit\" data-bg-image=\"url(https:\/\/sap.uy\/wp-content\/uploads\/2019\/03\/slide2.jpg)\"><a itemprop=\"url\" class=\"mkd-interactive-banner-cover-link\" href=\"http:\/\/sapyp.com.uy\/?page_id=9481\" target=\"_self\"><\/a><div class=\"mkd-interactive-banner-initial\" style=\"\"><\/div><div class=\"mkd-interactive-banner-overlay\" style=\"background-color: rgba(129,215,66,0.6)\"><\/div><div class=\"mkd-interactive-banner-inner-wrapper\">\n    <div class=\"mkd-interactive-banner-content-holder\">\n                <div class=\"mkd-interactive-banner-title-holder\">\n            <h3>\n            Compa\u00f1\u00eda en Internaci\u00f3n        <\/h3>\n    <\/div>\n                <div class=\"mkd-separator-holder clearfix  mkd-separator-center\">\n\t<div class=\"mkd-separator\" style=\"width: 53px;border-bottom-width: 3px;margin-top: 0px;margin-bottom: 30px\"><\/div>\n<\/div>\n        <div class=\"mkd-interactive-banner-text-holder\">\n        <h5>Le otorga al asociado que vive un proceso de internaci\u00f3n, la tranquilidad de contar con la compa\u00f1\u00eda del personal capacitado dedicado a su cuidado y recuperaci\u00f3n.<\/h5>\n                    \t<div class=\"mkd-button-overlay-wrapper\" >\t<a itemprop=\"url\" href=\"http:\/\/sapyp.com.uy\/?page_id=9481\" target=\"_self\"  class=\"mkd-btn mkd-btn-medium mkd-btn-solid mkd-btn-animation-yes\"  >\t    <span class=\"mkd-btn-text\">Leer m\u00e1s<\/span>\t    \t<\/a>\t\t<span class=\"mkd-button-overlay\" ><\/span>\t<\/div>            <\/div>\n<\/div>\n<\/div><\/div>            <\/div>\n        <\/div>\n    <\/div>\n<\/div><div class=\"mkd-elements-holder-item mkd-width-1-1 mkd-vertical-alignment-middle mkd-horizontal-alignment-left\" data-item-class=\"mkd-elements-holder-custom-175929\" >\n    <div class=\"mkd-elements-holder-item-inner\">\n        <div\n            class=\"mkd-elements-holder-item-content mkd-elements-holder-custom-175929\" style=\"background-color: #0096ff;padding: 0 0 0 0\">\n            <div class=\"mkd-elements-holder-item-content-inner\">\n                <div class=\"mkd-interactive-banner-holder mkd-interactive-banner-align-center mkd-interactive-banner-light-theme mkd-interactive-banner-standard lazyload\" style=\"background-image:inherit\" data-bg-image=\"url(https:\/\/sap.uy\/wp-content\/uploads\/2019\/03\/slide3.jpg)\"><a itemprop=\"url\" class=\"mkd-interactive-banner-cover-link\" href=\"http:\/\/sapyp.com.uy\/?page_id=9481\" target=\"_self\"><\/a><div class=\"mkd-interactive-banner-initial\" style=\"\"><\/div><div class=\"mkd-interactive-banner-overlay\" style=\"background-color: rgba(129,215,66,0.6)\"><\/div><div class=\"mkd-interactive-banner-inner-wrapper\">\n    <div class=\"mkd-interactive-banner-content-holder\">\n                <div class=\"mkd-interactive-banner-title-holder\">\n            <h3>\n            Internaci\u00f3n Domiciliaria        <\/h3>\n    <\/div>\n                <div class=\"mkd-separator-holder clearfix  mkd-separator-center\">\n\t<div class=\"mkd-separator\" style=\"width: 53px;border-bottom-width: 3px;margin-top: 0px;margin-bottom: 30px\"><\/div>\n<\/div>\n        <div class=\"mkd-interactive-banner-text-holder\">\n        <h5>Presentando el certificado correspondiente firmado por un medico autorizado, se le brindara al asociado la compa\u00f1\u00eda de personal capacitado en su domicilio.<\/h5>\n                    \t<div class=\"mkd-button-overlay-wrapper\" >\t<a itemprop=\"url\" href=\"http:\/\/sapyp.com.uy\/?page_id=9481\" target=\"_self\"  class=\"mkd-btn mkd-btn-medium mkd-btn-solid mkd-btn-animation-yes\"  >\t    <span class=\"mkd-btn-text\">Leer m\u00e1s<\/span>\t    \t<\/a>\t\t<span class=\"mkd-button-overlay\" ><\/span>\t<\/div>            <\/div>\n<\/div>\n<\/div><\/div>            <\/div>\n        <\/div>\n    <\/div>\n<\/div><div class=\"mkd-elements-holder-item mkd-width-1-1 mkd-vertical-alignment-middle mkd-horizontal-alignment-left\" data-item-class=\"mkd-elements-holder-custom-993121\" >\n    <div class=\"mkd-elements-holder-item-inner\">\n        <div\n            class=\"mkd-elements-holder-item-content mkd-elements-holder-custom-993121\" style=\"padding: 0 0 0 0\">\n            <div class=\"mkd-elements-holder-item-content-inner\">\n                <div class=\"mkd-interactive-banner-holder mkd-interactive-banner-align-center mkd-interactive-banner-light-theme mkd-interactive-banner-standard lazyload\" style=\"background-image:inherit\" data-bg-image=\"url(https:\/\/sap.uy\/wp-content\/uploads\/2019\/03\/slide1.jpg)\"><a itemprop=\"url\" class=\"mkd-interactive-banner-cover-link\" href=\"http:\/\/sapyp.com.uy\/?page_id=9481\" target=\"_self\"><\/a><div class=\"mkd-interactive-banner-initial\" style=\"\"><\/div><div class=\"mkd-interactive-banner-overlay\" style=\"background-color: rgba(129,215,66,0.6)\"><\/div><div class=\"mkd-interactive-banner-inner-wrapper\">\n    <div class=\"mkd-interactive-banner-content-holder\">\n                <div class=\"mkd-interactive-banner-title-holder\">\n            <h3>\n            Convalescencia domiciliaria        <\/h3>\n    <\/div>\n                <div class=\"mkd-separator-holder clearfix  mkd-separator-center\">\n\t<div class=\"mkd-separator\" style=\"width: 53px;border-bottom-width: 3px;margin-top: 0px;margin-bottom: 30px\"><\/div>\n<\/div>\n        <div class=\"mkd-interactive-banner-text-holder\">\n        <h5>Una vez recibida el alta medica posibilita que personal capacitado acompa\u00f1e el proceso de recuperaci\u00f3n en el domicilio. Tenemos 3 tipos diferentes de Convalecencia.<\/h5>\n                    \t<div class=\"mkd-button-overlay-wrapper\" >\t<a itemprop=\"url\" href=\"http:\/\/sapyp.com.uy\/?page_id=9481\" target=\"_self\"  class=\"mkd-btn mkd-btn-medium mkd-btn-solid mkd-btn-animation-yes\"  >\t    <span class=\"mkd-btn-text\">Leer m\u00e1s<\/span>\t    \t<\/a>\t\t<span class=\"mkd-button-overlay\" ><\/span>\t<\/div>            <\/div>\n<\/div>\n<\/div><\/div>            <\/div>\n        <\/div>\n    <\/div>\n<\/div><\/div>[\/vc_column][\/vc_row][vc_row content_width=\u00bbgrid\u00bb content_aligment=\u00bbcenter\u00bb disable_margin_on_row=\u00bbno\u00bb css=\u00bb.vc_custom_1484910041413{padding-top: 82px !important;padding-bottom: 75px !important;background-position: center !important;background-repeat: no-repeat !important;background-size: cover !important;}\u00bb][vc_column][vc_empty_space height=\u00bb10px\u00bb][vc_column_text]<\/p>\n<h2 style=\"text-align: center;\">\u00bfCu\u00e1les son los pasos?<\/h2>\n<p>[\/vc_column_text]<div class=\"mkd-separator-holder clearfix  mkd-separator-center\">\n\t<div class=\"mkd-separator\" style=\"width: 53px;border-bottom-width: 3px\"><\/div>\n<\/div>\n[vc_column_text]<\/p>\n<p style=\"text-align: center;\">Cada persona es \u00fanica y es por ello que ofrecemos un cuidado personalizado, priorizando las necesidades de cada paciente. Nuestro equipo profesional capacita y supervisa a los cuidadores para que brinden una atenci\u00f3n adecuada, prestando especial atenci\u00f3n a los cuidados espec\u00edficos requeridos por cada patolog\u00eda.<\/p>\n<p>Nuestro equipo se encarga de seleccionar al cuidador adecuado para cada paciente.<\/p>\n<p>[\/vc_column_text][vc_empty_space height=\u00bb50px\u00bb][vc_empty_space height=\u00bb50px\u00bb]<div  class=\"mkd-process-holder columns-3\"><div class=\"mkd-process-holder-inner\">\n<div class=\"mkd-process-item mkd-icon-or-number\">\n\n    <div class=\"mkd-process-item-icon-holder-wrapper\">\n        <div class=\"mkd-process-item-icon-holder-wrapper-inner\">\n            <div class=\"mkd-process-item-icon-holder\">\n            <span class=\"mkd-process-item-background-holder\">\n\n                    <span class=\"mkd-process-item-numeration\"><\/span>\n                <span class=\"mkd-process-item-background\">\n                    <span style=\"background-image:inherit\" data-bg-image=\"url(https:\/\/sap.uy\/wp-content\/uploads\/2019\/03\/04.jpg)\" class=\"lazyload\"><\/span>\n                <\/span>\n            <\/span>\n            <\/div>\n        <\/div>\n    <\/div><!-- .mkd-process-item-icon-holder-wrapper -->\n\n    <div class=\"mkd-process-item-content-holder\">\n        <div class=\"mkd-process-item-title-holder\">\n            <h4>\n            Contanos qui\u00e9n es la persona que debemos cuidar        <\/h4>\n    <\/div>\n    <div class=\"mkd-process-item-text-holder\">\n        <p>Pod\u00e9s llamarnos al 4442 7971 o al 099 841 758<\/p>\n    <\/div>\n<\/div><!-- .mkd-process-item-content-holder -->\n\n<\/div><!-- .mkd-process-item -->\n<div class=\"mkd-process-item mkd-icon-or-number\">\n\n    <div class=\"mkd-process-item-icon-holder-wrapper\">\n        <div class=\"mkd-process-item-icon-holder-wrapper-inner\">\n            <div class=\"mkd-process-item-icon-holder\">\n            <span class=\"mkd-process-item-background-holder\">\n\n                    <span class=\"mkd-process-item-numeration\"><\/span>\n                <span class=\"mkd-process-item-background\">\n                    <span style=\"background-image:inherit\" data-bg-image=\"url(https:\/\/sap.uy\/wp-content\/uploads\/2019\/03\/photodune-14005349-nurse-and-senior-man-s.jpg)\" class=\"lazyload\"><\/span>\n                <\/span>\n            <\/span>\n            <\/div>\n        <\/div>\n    <\/div><!-- .mkd-process-item-icon-holder-wrapper -->\n\n    <div class=\"mkd-process-item-content-holder\">\n        <div class=\"mkd-process-item-title-holder\">\n            <h4>\n            Seleccionamos a la persona adecuada        <\/h4>\n    <\/div>\n    <div class=\"mkd-process-item-text-holder\">\n        <p>Mediante un proceso de selecci\u00f3n, elegimos a la acompa\u00f1ante que mejor se adecue a la necesidades de la persona que debemos cuidar.<\/p>\n    <\/div>\n<\/div><!-- .mkd-process-item-content-holder -->\n\n<\/div><!-- .mkd-process-item -->\n<div class=\"mkd-process-item mkd-icon-or-number\">\n\n    <div class=\"mkd-process-item-icon-holder-wrapper\">\n        <div class=\"mkd-process-item-icon-holder-wrapper-inner\">\n            <div class=\"mkd-process-item-icon-holder\">\n            <span class=\"mkd-process-item-background-holder\">\n\n                    <span class=\"mkd-process-item-numeration\"><\/span>\n                <span class=\"mkd-process-item-background\">\n                    <span style=\"background-image:inherit\" data-bg-image=\"url(https:\/\/sap.uy\/wp-content\/uploads\/2019\/03\/img-4.jpg)\" class=\"lazyload\"><\/span>\n                <\/span>\n            <\/span>\n            <\/div>\n        <\/div>\n    <\/div><!-- .mkd-process-item-icon-holder-wrapper -->\n\n    <div class=\"mkd-process-item-content-holder\">\n        <div class=\"mkd-process-item-title-holder\">\n            <h4>\n            Recib\u00ed a nuestra acompa\u00f1ante        <\/h4>\n    <\/div>\n    <div class=\"mkd-process-item-text-holder\">\n        <p>Ya sea en su hogar, en el sanatorio u hospital la acompa\u00f1ante se encargara de cuidarlo a usted o a su familia.<\/p>\n    <\/div>\n<\/div><!-- .mkd-process-item-content-holder -->\n\n<\/div><!-- .mkd-process-item --><\/div><\/div>[\/vc_column][\/vc_row][vc_row row_type=\u00bbparallax\u00bb content_width=\u00bbgrid\u00bb content_aligment=\u00bbcenter\u00bb full_screen_section_height=\u00bbno\u00bb disable_margin_on_row=\u00bbno\u00bb css=\u00bb.vc_custom_1709149936147{padding-top: 78px !important;padding-bottom: 15% !important;background-image: url(https:\/\/sap.uy\/wp-content\/uploads\/2019\/03\/bg-17-copyright-1.jpg?id=9384) !important;background-position: center !important;background-repeat: no-repeat !important;background-size: cover !important;}\u00bb][vc_column][\/vc_column][\/vc_row][vc_row disable_margin_on_row=\u00bbno\u00bb][vc_column][vc_empty_space height=\u00bb50px\u00bb][vc_empty_space height=\u00bb50px\u00bb][vc_column_text]<\/p>\n<h2 style=\"text-align: center;\">Calidad de Vida<\/h2>\n<p>[\/vc_column_text]<div class=\"mkd-separator-holder clearfix  mkd-separator-center\">\n\t<div class=\"mkd-separator\" style=\"width: 53px;border-bottom-width: 3px\"><\/div>\n<\/div>\n[vc_column_text]<\/p>\n<p style=\"text-align: center;\">Mediante un exclusivo sistema de medicina preventiva le ofrecemos servicios por profesionales en diferentes \u00e1reas,<br \/>\na partir del momento que se afilia de forma gratuita.<\/p>\n<p>[\/vc_column_text][vc_empty_space height=\u00bb50px\u00bb][vc_empty_space height=\u00bb50px\u00bb]<div class=\"mkd-content-slider mkd-owl-shortcode-slider mkd-nav-inside mkd-box-shadow\" data-autoplay=\"3\" data-pause=\"yes\" data-loop=\"yes\" data-navigation=\"yes\" data-pagination=\"no\">\n    \n<div class=\"mkd-content-slider-item\">\n            <div class=\"mkd-content-slider-content\" style=\"background-color: #ffffff;text-align:left\">\n\n        <h3 class=\"mkd-content-slider-title\">\n    <span>Caminata<\/span>\n<\/h3>\n\n<div class=\"mkd-separator-holder clearfix  mkd-separator-left\">\n\t<div class=\"mkd-separator\" style=\"width: 53px;border-bottom-width: 3px;margin-top: 0px;margin-bottom: 30px\"><\/div>\n<\/div>\n\n<div class=\"mkd-content-slider-text\">\n    Favorece el trabajo Cardio-Respiratorio, el sistema muscular, circulatorio y esquel\u00e9tico. Nos proporciona bienestar y desestreza, ayuda a mantener el peso ideal y controlar el insomnio.<\/div>\n\n\n<\/div>            <div class=\"mkd-content-slider-image\">\n        <img decoding=\"async\" width=\"948\" height=\"633\" data-src=\"https:\/\/sap.uy\/wp-content\/uploads\/2019\/03\/photodune-9591423-summer-walk-s.jpg\" class=\"attachment-full size-full lazyload\" alt=\"\" data-srcset=\"https:\/\/sap.uy\/wp-content\/uploads\/2019\/03\/photodune-9591423-summer-walk-s.jpg 948w, https:\/\/sap.uy\/wp-content\/uploads\/2019\/03\/photodune-9591423-summer-walk-s-300x200.jpg 300w, https:\/\/sap.uy\/wp-content\/uploads\/2019\/03\/photodune-9591423-summer-walk-s-768x513.jpg 768w\" data-sizes=\"(max-width: 948px) 100vw, 948px\" src=\"data:image\/svg+xml;base64,PHN2ZyB3aWR0aD0iMSIgaGVpZ2h0PSIxIiB4bWxucz0iaHR0cDovL3d3dy53My5vcmcvMjAwMC9zdmciPjwvc3ZnPg==\" style=\"--smush-placeholder-width: 948px; --smush-placeholder-aspect-ratio: 948\/633;\" \/>    <\/div>\n    <\/div>\n<div class=\"mkd-content-slider-item\">\n            <div class=\"mkd-content-slider-content\" style=\"background-color: #ffffff;text-align:left\">\n\n        <h3 class=\"mkd-content-slider-title\">\n    <span>Gimnasia<\/span>\n<\/h3>\n\n<div class=\"mkd-separator-holder clearfix  mkd-separator-left\">\n\t<div class=\"mkd-separator\" style=\"width: 53px;border-bottom-width: 3px;margin-top: 0px;margin-bottom: 30px\"><\/div>\n<\/div>\n\n<div class=\"mkd-content-slider-text\">\n    Principales Beneficios: Tonifica m\u00fasculos y fortalece el sistema \u00f3seo y articulaciones. Tanto la Gimnasia como la Caminata son 2 actividades f\u00edsicas que se complementan y contribuyen a la prevenci\u00f3n de enfermedades.<\/div>\n\n\n<\/div>            <div class=\"mkd-content-slider-image\">\n        <img decoding=\"async\" width=\"948\" height=\"633\" data-src=\"https:\/\/sap.uy\/wp-content\/uploads\/2019\/03\/gym.jpg\" class=\"attachment-full size-full lazyload\" alt=\"\" data-srcset=\"https:\/\/sap.uy\/wp-content\/uploads\/2019\/03\/gym.jpg 948w, https:\/\/sap.uy\/wp-content\/uploads\/2019\/03\/gym-300x200.jpg 300w, https:\/\/sap.uy\/wp-content\/uploads\/2019\/03\/gym-768x513.jpg 768w\" data-sizes=\"(max-width: 948px) 100vw, 948px\" src=\"data:image\/svg+xml;base64,PHN2ZyB3aWR0aD0iMSIgaGVpZ2h0PSIxIiB4bWxucz0iaHR0cDovL3d3dy53My5vcmcvMjAwMC9zdmciPjwvc3ZnPg==\" style=\"--smush-placeholder-width: 948px; --smush-placeholder-aspect-ratio: 948\/633;\" \/>    <\/div>\n    <\/div>\n<div class=\"mkd-content-slider-item\">\n            <div class=\"mkd-content-slider-content\" style=\"background-color: #ffffff;text-align:left\">\n\n        <h3 class=\"mkd-content-slider-title\">\n    <span>Masajista<\/span>\n<\/h3>\n\n<div class=\"mkd-separator-holder clearfix  mkd-separator-left\">\n\t<div class=\"mkd-separator\" style=\"width: 53px;border-bottom-width: 3px;margin-top: 0px;margin-bottom: 30px\"><\/div>\n<\/div>\n\n<div class=\"mkd-content-slider-text\">\n    El masaje puede considerarse como una t\u00e9cnica, un arte o hasta una ciencia, ya que implica cuestiones biol\u00f3gicas, m\u00e9dicas, psicol\u00f3gicas y de otros \u00e1mbitos. Se considera que los masajes pueden ayudar a la relajaci\u00f3n muscular, a aliviar dolores y a inducir el sue\u00f1o.<\/div>\n\n    <div class=\"mkd-content-slider-button\">\n        \t<a itemprop=\"url\" href=\"#\" target=\"_self\"  class=\"mkd-btn mkd-btn-medium mkd-btn-solid mkd-btn-animation-no\"  >\t    <span class=\"mkd-btn-text\">Leer m\u00e1s<\/span>\t    \t<\/a>    <\/div>\n\n<\/div>            <div class=\"mkd-content-slider-image\">\n        <img decoding=\"async\" width=\"948\" height=\"633\" data-src=\"https:\/\/sap.uy\/wp-content\/uploads\/2019\/03\/masajista.jpg\" class=\"attachment-full size-full lazyload\" alt=\"\" data-srcset=\"https:\/\/sap.uy\/wp-content\/uploads\/2019\/03\/masajista.jpg 948w, https:\/\/sap.uy\/wp-content\/uploads\/2019\/03\/masajista-300x200.jpg 300w, https:\/\/sap.uy\/wp-content\/uploads\/2019\/03\/masajista-768x513.jpg 768w\" data-sizes=\"(max-width: 948px) 100vw, 948px\" src=\"data:image\/svg+xml;base64,PHN2ZyB3aWR0aD0iMSIgaGVpZ2h0PSIxIiB4bWxucz0iaHR0cDovL3d3dy53My5vcmcvMjAwMC9zdmciPjwvc3ZnPg==\" style=\"--smush-placeholder-width: 948px; --smush-placeholder-aspect-ratio: 948\/633;\" \/>    <\/div>\n    <\/div>\n<div class=\"mkd-content-slider-item\">\n            <div class=\"mkd-content-slider-content\" style=\"background-color: #ffffff;text-align:left\">\n\n        <h3 class=\"mkd-content-slider-title\">\n    <span>Nutricionista<\/span>\n<\/h3>\n\n<div class=\"mkd-separator-holder clearfix  mkd-separator-left\">\n\t<div class=\"mkd-separator\" style=\"width: 53px;border-bottom-width: 3px;margin-top: 0px;margin-bottom: 30px\"><\/div>\n<\/div>\n\n<div class=\"mkd-content-slider-text\">\n    La Nutrici\u00f3n junto con los h\u00e1bitos de vida saludables es la calve para gozar de buena salud y bienestar. La Nutrici\u00f3n es muy importante en el mantenimiento y mejora de la salud y la calidad de vida de las personas. Muchas enfermedades y sus s\u00edntomas pueden ser prevenidos y\/ o aliviados con una nutrici\u00f3n adecuada.<\/div>\n\n\n<\/div>            <div class=\"mkd-content-slider-image\">\n        <img decoding=\"async\" width=\"948\" height=\"633\" data-src=\"https:\/\/sap.uy\/wp-content\/uploads\/2019\/03\/nutricion.jpg\" class=\"attachment-full size-full lazyload\" alt=\"\" data-srcset=\"https:\/\/sap.uy\/wp-content\/uploads\/2019\/03\/nutricion.jpg 948w, https:\/\/sap.uy\/wp-content\/uploads\/2019\/03\/nutricion-300x200.jpg 300w, https:\/\/sap.uy\/wp-content\/uploads\/2019\/03\/nutricion-768x513.jpg 768w\" data-sizes=\"(max-width: 948px) 100vw, 948px\" src=\"data:image\/svg+xml;base64,PHN2ZyB3aWR0aD0iMSIgaGVpZ2h0PSIxIiB4bWxucz0iaHR0cDovL3d3dy53My5vcmcvMjAwMC9zdmciPjwvc3ZnPg==\" style=\"--smush-placeholder-width: 948px; --smush-placeholder-aspect-ratio: 948\/633;\" \/>    <\/div>\n    <\/div>\n<div class=\"mkd-content-slider-item\">\n            <div class=\"mkd-content-slider-content\" style=\"background-color: #ffffff;text-align:left\">\n\n        <h3 class=\"mkd-content-slider-title\">\n    <span>Psicologo<\/span>\n<\/h3>\n\n<div class=\"mkd-separator-holder clearfix  mkd-separator-left\">\n\t<div class=\"mkd-separator\" style=\"width: 53px;border-bottom-width: 3px;margin-top: 0px;margin-bottom: 30px\"><\/div>\n<\/div>\n\n<div class=\"mkd-content-slider-text\">\n    La vejez puede ser una \u00e9poca de realizaci\u00f3n, de productividad y de la consolidaci\u00f3n de habilidades y conocimientos. Sin embargo, los recursos emocionales de esta etapa con frecuencia disminuyen debido a muchas crisis y tensiones acumuladas, a las que las personas deben enfrentarse y que pueden ser el detonador de alg\u00fan problema de salud mental.<\/div>\n\n\n<\/div>            <div class=\"mkd-content-slider-image\">\n        <img decoding=\"async\" width=\"948\" height=\"633\" data-src=\"https:\/\/sap.uy\/wp-content\/uploads\/2019\/03\/psicologo.jpg\" class=\"attachment-full size-full lazyload\" alt=\"\" data-srcset=\"https:\/\/sap.uy\/wp-content\/uploads\/2019\/03\/psicologo.jpg 948w, https:\/\/sap.uy\/wp-content\/uploads\/2019\/03\/psicologo-300x200.jpg 300w, https:\/\/sap.uy\/wp-content\/uploads\/2019\/03\/psicologo-768x513.jpg 768w\" data-sizes=\"(max-width: 948px) 100vw, 948px\" src=\"data:image\/svg+xml;base64,PHN2ZyB3aWR0aD0iMSIgaGVpZ2h0PSIxIiB4bWxucz0iaHR0cDovL3d3dy53My5vcmcvMjAwMC9zdmciPjwvc3ZnPg==\" style=\"--smush-placeholder-width: 948px; --smush-placeholder-aspect-ratio: 948\/633;\" \/>    <\/div>\n    <\/div>\n<div class=\"mkd-content-slider-item\">\n            <div class=\"mkd-content-slider-content\" style=\"background-color: #ffffff;text-align:left\">\n\n        <h3 class=\"mkd-content-slider-title\">\n    <span>Reiki<\/span>\n<\/h3>\n\n<div class=\"mkd-separator-holder clearfix  mkd-separator-left\">\n\t<div class=\"mkd-separator\" style=\"width: 53px;border-bottom-width: 3px;margin-top: 0px;margin-bottom: 30px\"><\/div>\n<\/div>\n\n<div class=\"mkd-content-slider-text\">\n    Reiki es una palabra japonesa que significa ``canalizaci\u00f3n de la energ\u00eda universal``. Seg\u00fan esta filosof\u00eda todo en el mundo es energ\u00eda. Las cosas est\u00e1ticas son energ\u00eda densa, mientras que el movimiento es una energ\u00eda m\u00e1s sutil no tangible.<\/div>\n\n\n<\/div>            <div class=\"mkd-content-slider-image\">\n        <img decoding=\"async\" width=\"948\" height=\"633\" data-src=\"https:\/\/sap.uy\/wp-content\/uploads\/2019\/03\/reiki.jpg\" class=\"attachment-full size-full lazyload\" alt=\"\" data-srcset=\"https:\/\/sap.uy\/wp-content\/uploads\/2019\/03\/reiki.jpg 948w, https:\/\/sap.uy\/wp-content\/uploads\/2019\/03\/reiki-300x200.jpg 300w, https:\/\/sap.uy\/wp-content\/uploads\/2019\/03\/reiki-768x513.jpg 768w\" data-sizes=\"(max-width: 948px) 100vw, 948px\" src=\"data:image\/svg+xml;base64,PHN2ZyB3aWR0aD0iMSIgaGVpZ2h0PSIxIiB4bWxucz0iaHR0cDovL3d3dy53My5vcmcvMjAwMC9zdmciPjwvc3ZnPg==\" style=\"--smush-placeholder-width: 948px; --smush-placeholder-aspect-ratio: 948\/633;\" \/>    <\/div>\n    <\/div>\n<div class=\"mkd-content-slider-item\">\n            <div class=\"mkd-content-slider-content\" style=\"background-color: #ffffff;text-align:left\">\n\n        <h3 class=\"mkd-content-slider-title\">\n    <span>Yoga<\/span>\n<\/h3>\n\n<div class=\"mkd-separator-holder clearfix  mkd-separator-left\">\n\t<div class=\"mkd-separator\" style=\"width: 53px;border-bottom-width: 3px;margin-top: 0px;margin-bottom: 30px\"><\/div>\n<\/div>\n\n<div class=\"mkd-content-slider-text\">\n    Se refiere a una tradicional disciplina f\u00edsica y mental que se origino en la India. La palabra se asocia con pr\u00e1cticas de meditaci\u00f3n<\/div>\n\n\n<\/div>            <div class=\"mkd-content-slider-image\">\n        <img decoding=\"async\" width=\"948\" height=\"633\" data-src=\"https:\/\/sap.uy\/wp-content\/uploads\/2019\/03\/yoga.jpg\" class=\"attachment-full size-full lazyload\" alt=\"\" data-srcset=\"https:\/\/sap.uy\/wp-content\/uploads\/2019\/03\/yoga.jpg 948w, https:\/\/sap.uy\/wp-content\/uploads\/2019\/03\/yoga-300x200.jpg 300w, https:\/\/sap.uy\/wp-content\/uploads\/2019\/03\/yoga-768x513.jpg 768w\" data-sizes=\"(max-width: 948px) 100vw, 948px\" src=\"data:image\/svg+xml;base64,PHN2ZyB3aWR0aD0iMSIgaGVpZ2h0PSIxIiB4bWxucz0iaHR0cDovL3d3dy53My5vcmcvMjAwMC9zdmciPjwvc3ZnPg==\" style=\"--smush-placeholder-width: 948px; --smush-placeholder-aspect-ratio: 948\/633;\" \/>    <\/div>\n    <\/div>\n<div class=\"mkd-content-slider-item\">\n            <div class=\"mkd-content-slider-content\" style=\"background-color: #ffffff;text-align:left\">\n\n        <h3 class=\"mkd-content-slider-title\">\n    <span>Reflexolog\u00eda<\/span>\n<\/h3>\n\n<div class=\"mkd-separator-holder clearfix  mkd-separator-left\">\n\t<div class=\"mkd-separator\" style=\"width: 53px;border-bottom-width: 3px;margin-top: 0px;margin-bottom: 30px\"><\/div>\n<\/div>\n\n<div class=\"mkd-content-slider-text\">\n    Son unas t\u00e9cnicas de masajes que se aplican en los pies y en las manos, donde se encuentran representadas anat\u00f3micamente todas las estructuras corporales, todas las estructuras org\u00e1nicas, \u00f3seas y glandulares; y a trav\u00e9s de la estimulaci\u00f3n de los puntos reflejos con masajes, presiones, frotaciones y amasamientos se busca restablecer la salud en el paciente, liberar bloqueos energ\u00e9ticos y emocionales, estimular la circulaci\u00f3n sangu\u00ednea y nerviosa, e inducir a una relajaci\u00f3n corporal de todo el organismo.<\/div>\n\n\n<\/div>            <div class=\"mkd-content-slider-image\">\n        <img decoding=\"async\" width=\"948\" height=\"633\" data-src=\"https:\/\/sap.uy\/wp-content\/uploads\/2019\/08\/reflexologia_sapyp.jpg\" class=\"attachment-full size-full lazyload\" alt=\"\" data-srcset=\"https:\/\/sap.uy\/wp-content\/uploads\/2019\/08\/reflexologia_sapyp.jpg 948w, https:\/\/sap.uy\/wp-content\/uploads\/2019\/08\/reflexologia_sapyp-300x200.jpg 300w, https:\/\/sap.uy\/wp-content\/uploads\/2019\/08\/reflexologia_sapyp-768x513.jpg 768w\" data-sizes=\"(max-width: 948px) 100vw, 948px\" src=\"data:image\/svg+xml;base64,PHN2ZyB3aWR0aD0iMSIgaGVpZ2h0PSIxIiB4bWxucz0iaHR0cDovL3d3dy53My5vcmcvMjAwMC9zdmciPjwvc3ZnPg==\" style=\"--smush-placeholder-width: 948px; --smush-placeholder-aspect-ratio: 948\/633;\" \/>    <\/div>\n    <\/div>\n<div class=\"mkd-content-slider-item\">\n            <div class=\"mkd-content-slider-content\" style=\"background-color: #ffffff;text-align:left\">\n\n        <h3 class=\"mkd-content-slider-title\">\n    <span>Auriculoterapia<\/span>\n<\/h3>\n\n<div class=\"mkd-separator-holder clearfix  mkd-separator-left\">\n\t<div class=\"mkd-separator\" style=\"width: 53px;border-bottom-width: 3px;margin-top: 0px;margin-bottom: 30px\"><\/div>\n<\/div>\n\n<div class=\"mkd-content-slider-text\">\n    Auriculoterapia utiliza el pabell\u00f3n auricular como zona refleja de todo el cuerpo para tratar las diferentes patolog\u00edas, a trav\u00e9s de la colocaci\u00f3n de semillas, o la colocaci\u00f3n de peque\u00f1as agujas o simplemente con un masaje en el pabell\u00f3n auricular.<\/div>\n\n\n<\/div>            <div class=\"mkd-content-slider-image\">\n        <img decoding=\"async\" width=\"948\" height=\"633\" data-src=\"https:\/\/sap.uy\/wp-content\/uploads\/2019\/08\/Auriculoterapia.jpg\" class=\"attachment-full size-full lazyload\" alt=\"\" data-srcset=\"https:\/\/sap.uy\/wp-content\/uploads\/2019\/08\/Auriculoterapia.jpg 948w, https:\/\/sap.uy\/wp-content\/uploads\/2019\/08\/Auriculoterapia-300x200.jpg 300w, https:\/\/sap.uy\/wp-content\/uploads\/2019\/08\/Auriculoterapia-768x513.jpg 768w\" data-sizes=\"(max-width: 948px) 100vw, 948px\" src=\"data:image\/svg+xml;base64,PHN2ZyB3aWR0aD0iMSIgaGVpZ2h0PSIxIiB4bWxucz0iaHR0cDovL3d3dy53My5vcmcvMjAwMC9zdmciPjwvc3ZnPg==\" style=\"--smush-placeholder-width: 948px; --smush-placeholder-aspect-ratio: 948\/633;\" \/>    <\/div>\n    <\/div>\n<div class=\"mkd-content-slider-item\">\n            <div class=\"mkd-content-slider-content\" style=\"background-color: #ffffff;text-align:left\">\n\n        <h3 class=\"mkd-content-slider-title\">\n    <span>Digitopuntura<\/span>\n<\/h3>\n\n<div class=\"mkd-separator-holder clearfix  mkd-separator-left\">\n\t<div class=\"mkd-separator\" style=\"width: 53px;border-bottom-width: 3px;margin-top: 0px;margin-bottom: 30px\"><\/div>\n<\/div>\n\n<div class=\"mkd-content-slider-text\">\n    A trav\u00e9s de la digitopuntura podemos aliviar dolores en diferentes zonas del cuerpo \u00fanicamente a partir de la aplicaci\u00f3n de presi\u00f3n en una serie de puntos espec\u00edficos.<\/div>\n\n\n<\/div>            <div class=\"mkd-content-slider-image\">\n        <img decoding=\"async\" width=\"948\" height=\"633\" data-src=\"https:\/\/sap.uy\/wp-content\/uploads\/2019\/08\/digitopuntura_sapyp.jpg\" class=\"attachment-full size-full lazyload\" alt=\"\" data-srcset=\"https:\/\/sap.uy\/wp-content\/uploads\/2019\/08\/digitopuntura_sapyp.jpg 948w, https:\/\/sap.uy\/wp-content\/uploads\/2019\/08\/digitopuntura_sapyp-300x200.jpg 300w, https:\/\/sap.uy\/wp-content\/uploads\/2019\/08\/digitopuntura_sapyp-768x513.jpg 768w\" data-sizes=\"(max-width: 948px) 100vw, 948px\" src=\"data:image\/svg+xml;base64,PHN2ZyB3aWR0aD0iMSIgaGVpZ2h0PSIxIiB4bWxucz0iaHR0cDovL3d3dy53My5vcmcvMjAwMC9zdmciPjwvc3ZnPg==\" style=\"--smush-placeholder-width: 948px; --smush-placeholder-aspect-ratio: 948\/633;\" \/>    <\/div>\n    <\/div><\/div>[vc_row_inner][vc_column_inner][vc_empty_space height=\u00bb50px\u00bb][vc_column_text]<\/p>\n<h2 style=\"text-align: center;\">\u00bfPor qu\u00e9 elegirnos?<\/h2>\n<p>[\/vc_column_text]<div class=\"mkd-separator-holder clearfix  mkd-separator-center\">\n\t<div class=\"mkd-separator\" style=\"width: 53px;border-bottom-width: 3px\"><\/div>\n<\/div>\n[vc_column_text]<\/p>\n<p style=\"text-align: center;\">Escuchar, entender y empatizar con el grupo familiar cuando un ser querido atraviesa un momento en el que necesita compa\u00f1\u00eda,<br \/>\ncuidado y contenci\u00f3n a nivel profesional y afectivo es una de nuestras principales misiones.<br \/>\nConozca los testimonios de nuestros clientes:<\/p>\n<p>[\/vc_column_text][vc_empty_space height=\u00bb50px\u00bb]<div class=\"mkd-testimonials-holder clearfix mkd-boxed-layout mkd-dark\"><div class=\"mkd-testimonials-inner\"><div class=\"mkd-grid\"><div class=\"mkd-testimonials mkd-owl-shortcode-slider  mkd-nav-inside mkd-testimonials-carousel\" data-autoplay=\"3\" data-pause=\"yes\" data-loop=\"yes\" data-navigation=\"yes\" data-pagination=\"no\" data-visible-items=\"3\" ><div class=\"mkd-testimonial-content\">\n    <div class=\"mkd-testimonial-content-inner\">\n\n        <div class=\"mkd-testimonial-text-holder\">\n            <div class=\"mkd-testimonial-text-inner\">\n\n                                    <h4 class=\"mkd-testimonial-title\">\n                        &quot;Responde pronto&quot;                    <\/h4>\n                \n                <p class=\"mkd-testimonial-text\">Gente muy amable y que responde pronto y eficazmente.<\/p>\n\n            <\/div><!-- .mkd-testimonials-text-inner -->\n        <\/div><!-- .mkd-testimonials-text-holder -->\n\n                    <div class=\"mkd-testimonial-bottom\">\n\n                <div class=\"mkd-testimonial-image-holder\">\n                                    <\/div>\n\n                <h5 class=\"mkd-testimonial-author\" >- Abril Rodriguez<\/h5>\n                                    <h6 class=\"mkd-testimonial-job\" >Socia<\/h6>\n                \n            <\/div><!-- .mkd-testimonial-bottom -->\n        \n    <\/div>\n<\/div>\n<div class=\"mkd-testimonial-content\">\n    <div class=\"mkd-testimonial-content-inner\">\n\n        <div class=\"mkd-testimonial-text-holder\">\n            <div class=\"mkd-testimonial-text-inner\">\n\n                                    <h4 class=\"mkd-testimonial-title\">\n                        &quot;Muy amables&quot;                    <\/h4>\n                \n                <p class=\"mkd-testimonial-text\">Muy de confianza y las chicas que atienden son muy amables...<\/p>\n\n            <\/div><!-- .mkd-testimonials-text-inner -->\n        <\/div><!-- .mkd-testimonials-text-holder -->\n\n                    <div class=\"mkd-testimonial-bottom\">\n\n                <div class=\"mkd-testimonial-image-holder\">\n                                    <\/div>\n\n                <h5 class=\"mkd-testimonial-author\" >- Ana Perez<\/h5>\n                                    <h6 class=\"mkd-testimonial-job\" >Socia<\/h6>\n                \n            <\/div><!-- .mkd-testimonial-bottom -->\n        \n    <\/div>\n<\/div>\n<div class=\"mkd-testimonial-content\">\n    <div class=\"mkd-testimonial-content-inner\">\n\n        <div class=\"mkd-testimonial-text-holder\">\n            <div class=\"mkd-testimonial-text-inner\">\n\n                                    <h4 class=\"mkd-testimonial-title\">\n                        &quot;Muy agradecida&quot;                    <\/h4>\n                \n                <p class=\"mkd-testimonial-text\">Gran atenci\u00f3n al cliente por parte de las chicas en las que he estado en contacto. Les estoy muy agradecida.<\/p>\n\n            <\/div><!-- .mkd-testimonials-text-inner -->\n        <\/div><!-- .mkd-testimonials-text-holder -->\n\n                    <div class=\"mkd-testimonial-bottom\">\n\n                <div class=\"mkd-testimonial-image-holder\">\n                                    <\/div>\n\n                <h5 class=\"mkd-testimonial-author\" >- Maria Gonzales<\/h5>\n                                    <h6 class=\"mkd-testimonial-job\" >Socia<\/h6>\n                \n            <\/div><!-- .mkd-testimonial-bottom -->\n        \n    <\/div>\n<\/div>\n<div class=\"mkd-testimonial-content\">\n    <div class=\"mkd-testimonial-content-inner\">\n\n        <div class=\"mkd-testimonial-text-holder\">\n            <div class=\"mkd-testimonial-text-inner\">\n\n                                    <h4 class=\"mkd-testimonial-title\">\n                        &quot;Ejemplo de seriedad&quot;                    <\/h4>\n                \n                <p class=\"mkd-testimonial-text\">Considero que hoy tienen el n\u00famero 1 en Urugauy. Ejemplo de seriedad, dedicaci\u00f3n,  compromiso y fidelidad con su trabajo y la misi\u00f3n que representan. Una palabra los define: Vanguardias. Felicidades por poner tan alto su prestigio y ser ejemplo a seguir por otras Empresas en nuestro Pais.<\/p>\n\n            <\/div><!-- .mkd-testimonials-text-inner -->\n        <\/div><!-- .mkd-testimonials-text-holder -->\n\n                    <div class=\"mkd-testimonial-bottom\">\n\n                <div class=\"mkd-testimonial-image-holder\">\n                                    <\/div>\n\n                <h5 class=\"mkd-testimonial-author\" >- Josefina Fernandez<\/h5>\n                                    <h6 class=\"mkd-testimonial-job\" >Socia<\/h6>\n                \n            <\/div><!-- .mkd-testimonial-bottom -->\n        \n    <\/div>\n<\/div>\n<div class=\"mkd-testimonial-content\">\n    <div class=\"mkd-testimonial-content-inner\">\n\n        <div class=\"mkd-testimonial-text-holder\">\n            <div class=\"mkd-testimonial-text-inner\">\n\n                                    <h4 class=\"mkd-testimonial-title\">\n                        &quot;Muy correctos                    <\/h4>\n                \n                <p class=\"mkd-testimonial-text\">Acabo de empezar con ellos pero la atenci\u00f3n y el servicio me parecen muy correctos. Son r\u00e1pidos en la gesti\u00f3n y est\u00e1n muy pendientes.<\/p>\n\n            <\/div><!-- .mkd-testimonials-text-inner -->\n        <\/div><!-- .mkd-testimonials-text-holder -->\n\n                    <div class=\"mkd-testimonial-bottom\">\n\n                <div class=\"mkd-testimonial-image-holder\">\n                                    <\/div>\n\n                <h5 class=\"mkd-testimonial-author\" >- Fernanda Cabrera<\/h5>\n                                    <h6 class=\"mkd-testimonial-job\" >Socia<\/h6>\n                \n            <\/div><!-- .mkd-testimonial-bottom -->\n        \n    <\/div>\n<\/div>\n<\/div><\/div><!-- .mkd-grid --><\/div><!-- .mkd-testimonials-inner --><\/div><!-- .mkd-testimonials-holder -->[\/vc_column_inner][\/vc_row_inner][\/vc_column][\/vc_row][vc_row content_width=\u00bbgrid\u00bb content_aligment=\u00bbcenter\u00bb disable_margin_on_row=\u00bbno\u00bb video_webm=\u00bb\u00bb video_ogv=\u00bb\u00bb css=\u00bb.vc_custom_1709149978529{padding-top: 130px !important;padding-bottom: 120px !important;background-image: url(https:\/\/sap.uy\/wp-content\/uploads\/2019\/03\/862_1469199357005-senior-living-dodge-city-happy-friends.jpg?id=9410) !important;background-position: center !important;background-repeat: no-repeat !important;background-size: cover !important;}\u00bb][vc_column offset=\u00bbvc_col-lg-offset-2 vc_col-lg-8 vc_col-md-offset-1 vc_col-md-10 vc_col-sm-offset-0&#8243;][vc_empty_space height=\u00bb13px\u00bb][vc_empty_space height=\u00bb39px\u00bb][vc_empty_space height=\u00bb39px\u00bb][vc_empty_space height=\u00bb39px\u00bb][vc_empty_space height=\u00bb39px\u00bb][vc_empty_space height=\u00bb39px\u00bb][\/vc_column][\/vc_row][vc_row content_width=\u00bbgrid\u00bb disable_margin_on_row=\u00bbno\u00bb css=\u00bb.vc_custom_1486380346541{padding-top: 20px !important;padding-bottom: 20px !important;background-image: url(http:\/\/sparks.mikado-themes.com\/wp-content\/uploads\/2016\/10\/Home-2-Call-To-Action-1.jpg?id=6091) !important;background-position: center !important;background-repeat: no-repeat !important;background-size: cover !important;}\u00bb][vc_column]\t<div class=\"mkd-call-to-action normal \">\n\n\t\t\t\t<div class=\"mkd-container-inner\">\n\t\t\t\t\t<div class=\"mkd-call-to-action-row-75-25 clearfix\" style=\"padding: 20px;\">\n\t\t\t\t\t\t<div class=\"mkd-text-wrapper mkd-call-to-action-column1 mkd-call-to-action-cell\">\n\t\t\t\t\t\t\t\t\t<div class=\"mkd-call-to-action-text\" style=\"font-size: 19px\">\n<h4><span style=\"color: #313131;\">Somos S.A.P, una empresa familiar que desde hace m\u00e1s de 20 a\u00f1os brinda servicios de salud.<br \/>\n<\/span><\/h4>\n<\/div>\n\t\t\t\t<\/div>\n\n\t\t\t\t\t\t\t\t\t<div class=\"mkd-button-wrapper mkd-call-to-action-column2 mkd-call-to-action-cell\" style =\"text-align: right ;\">\n\t\t\t\t\t\t\t<div class=\"mkd-button-overlay-wrapper\" style=\"color: #ffffff;background-color: #1cce5c;border-color: #1cce5c\">\t<a itemprop=\"url\" href=\"http:\/\/sapyp.com.uy\/?page_id=9530\" target=\"_blank\" style=\"color: #ffffff;background-color: #1cce5c;border-color: #1cce5c\" class=\"mkd-btn mkd-btn-medium mkd-btn-solid mkd-btn-custom-hover-bg mkd-btn-custom-border-hover mkd-btn-custom-hover-color mkd-btn-animation-yes\" data-hover-bg-color=\"#252525\" data-hover-color=\"#ffffff\" data-hover-border-color=\"#252525\" >\t    <span class=\"mkd-btn-text\">Solicitar un acompa\u00f1ante!<\/span>\t    \t<\/a>\t\t<span class=\"mkd-button-overlay\" style=\"background-color: #252525\"><\/span>\t<\/div>\t\t\t\t\t<\/div>\n\t\t\t\t\t\t\t<\/div>\n\t\t\t\t<\/div>\n\t\t\t<\/div>\n[\/vc_column][\/vc_row][vc_row disable_margin_on_row=\u00bbno\u00bb][vc_column]<div class=\"mkd-elements-holder mkd-responsive-mode-1024\" ><div class=\"mkd-elements-holder-item mkd-width-1-1 mkd-vertical-alignment-middle mkd-horizontal-alignment-left\" data-item-class=\"mkd-elements-holder-custom-340011\" data-1280-1440=\"54% 0 58px 0\" data-1024-1280=\"54% 0 77px 0\" >\n    <div class=\"mkd-elements-holder-item-inner\">\n        <div\n            class=\"mkd-elements-holder-item-content mkd-elements-holder-custom-340011 lazyload\" style=\"background-image:inherit;padding: 53% 0 53px 0\" data-bg-image=\"url(https:\/\/sap.uy\/wp-content\/uploads\/2019\/03\/Sibling-Resentment.jpg)\">\n            <div class=\"mkd-elements-holder-item-content-inner\">\n                [vc_empty_space height=\u00bb420px\u00bb]            <\/div>\n        <\/div>\n    <\/div>\n<\/div><div class=\"mkd-elements-holder-item mkd-width-1-1 mkd-vertical-alignment-middle mkd-horizontal-alignment-left\" data-item-class=\"mkd-elements-holder-custom-621496\" data-1280-1440=\"147px 10% 127px 10%\" data-1024-1280=\"130px 10% 120px 10%\" data-768-1024=\"20% 10% 20% 10%\" data-600-768=\"20% 10% 20% 10%\" data-480=\"20% 5% 20% 5%\" >\n    <div class=\"mkd-elements-holder-item-inner\">\n        <div\n            class=\"mkd-elements-holder-item-content mkd-elements-holder-custom-621496\" style=\"padding: 45px 10% 45px 10%\">\n            <div class=\"mkd-elements-holder-item-content-inner\">\n                [vc_column_text]<\/p>\n<h3>Nuestros acompa\u00f1antes<\/h3>\n<p>[\/vc_column_text][vc_empty_space height=\u00bb28px\u00bb]<div class=\"mkd-iwt clearfix mkd-iwt-icon-left mkd-iwt-icon-small\">\n    <div class=\"mkd-iwt-icon-holder\">\n                    \n    <span class=\"mkd-icon-shortcode circle\" style=\"width: 52px;height: 52px;line-height: 52px;background-color: #000000;border-color: #000000\" data-hover-border-color=\"#c4c4c4\" data-hover-background-color=\"#c6c6c6\" data-hover-color=\"#ffffff\" data-color=\"#ffffff\">\n        \n            <i class=\"mkd-icon-linear-icon lnr lnr-home mkd-icon-element\" style=\"color: #ffffff;font-size:23px\" ><\/i>\n                <\/span>\n\n                <\/div>\n    <div class=\"mkd-iwt-content-holder\" style=\"padding-left: 79px\">\n        <div class=\"mkd-iwt-title-holder\">\n            <h4  class=\"mkd-iwt-title\">\n            Convocamos        <\/h4>\n    <\/div>\n    <div class=\"mkd-iwt-text-holder\">\n        <p >Auxiliares de enfermer\u00eda, asistentes especialiados, estudiantes en el \u00e1rea de salud y personas con experiencia acompa\u00f1ando pacientes.<\/p>\n\n            <\/div>\n<\/div>\n<\/div>[vc_empty_space height=\u00bb28px\u00bb]<div class=\"mkd-iwt clearfix mkd-iwt-icon-left mkd-iwt-icon-small\">\n    <div class=\"mkd-iwt-icon-holder\">\n                    \n    <span class=\"mkd-icon-shortcode circle\" style=\"width: 52px;height: 52px;line-height: 52px;background-color: #000000;border-color: #000000\" data-hover-border-color=\"#c4c4c4\" data-hover-background-color=\"#c6c6c6\" data-hover-color=\"#ffffff\" data-color=\"#ffffff\">\n        \n            <i class=\"mkd-icon-linear-icon lnr lnr-home mkd-icon-element\" style=\"color: #ffffff;font-size:23px\" ><\/i>\n                <\/span>\n\n                <\/div>\n    <div class=\"mkd-iwt-content-holder\" style=\"padding-left: 79px\">\n        <div class=\"mkd-iwt-title-holder\">\n            <h4  class=\"mkd-iwt-title\">\n            Seleccionamos        <\/h4>\n    <\/div>\n    <div class=\"mkd-iwt-text-holder\">\n        <p >Aquellos cuidadores que no s\u00f3lo cumplen con la experiencia y formaci\u00f3n requerida, sino que tambi\u00e9n compartan nuestros valores.<\/p>\n\n            <\/div>\n<\/div>\n<\/div>[vc_empty_space height=\u00bb28px\u00bb]<div class=\"mkd-iwt clearfix mkd-iwt-icon-left mkd-iwt-icon-small\">\n    <div class=\"mkd-iwt-icon-holder\">\n                    \n    <span class=\"mkd-icon-shortcode circle\" style=\"width: 52px;height: 52px;line-height: 52px;background-color: #000000;border-color: #000000\" data-hover-border-color=\"#c4c4c4\" data-hover-background-color=\"#c6c6c6\" data-hover-color=\"#ffffff\" data-color=\"#ffffff\">\n        \n            <i class=\"mkd-icon-linear-icon lnr lnr-home mkd-icon-element\" style=\"color: #ffffff;font-size:23px\" ><\/i>\n                <\/span>\n\n                <\/div>\n    <div class=\"mkd-iwt-content-holder\" style=\"padding-left: 79px\">\n        <div class=\"mkd-iwt-title-holder\">\n            <h4  class=\"mkd-iwt-title\">\n            Formamos        <\/h4>\n    <\/div>\n    <div class=\"mkd-iwt-text-holder\">\n        <p >A nuestros cuidadores para que sean capaces de desempe\u00f1arse con excelencia, priorizando la salud y la dignidad del paciente.<\/p>\n\n            <\/div>\n<\/div>\n<\/div>            <\/div>\n        <\/div>\n    <\/div>\n<\/div><\/div>[\/vc_column][\/vc_row][vc_row content_width=\u00bbgrid\u00bb disable_margin_on_row=\u00bbno\u00bb][vc_column]<div class=\"mkd-separator-holder clearfix  mkd-separator-center\">\n\t<div class=\"mkd-separator\" style=\"border-color: #dcdcdd;width: 100%;border-bottom-width: 1px;margin-top: 0px;margin-bottom: 0px\"><\/div>\n<\/div>\n[\/vc_column][\/vc_row][vc_row content_width=\u00bbgrid\u00bb disable_margin_on_row=\u00bbno\u00bb][vc_column]<div class=\"mkd-elements-holder mkd-responsive-mode-1024\" ><div class=\"mkd-elements-holder-item mkd-width-1-2 mkd-vertical-alignment-middle mkd-horizontal-alignment-left\" data-item-class=\"mkd-elements-holder-custom-258016\" data-1280-1440=\"0px 15% 87px 15%\" data-768-1024=\"50px 15% 50px 15%\" data-480=\"50px 15% 50px 15%\" >\n    <div class=\"mkd-elements-holder-item-inner\">\n        <div\n            class=\"mkd-elements-holder-item-content mkd-elements-holder-custom-258016\" style=\"padding: 28px 15% 142px 15%\">\n            <div class=\"mkd-elements-holder-item-content-inner\">\n                [vc_empty_space height=\u00bb24px\u00bb][vc_column_text]<\/p>\n<h3>Contanos qui\u00e9n es la persona que debemos cuidar<\/h3>\n<h5>\u00bfTe gustar\u00eda conocernos?<\/h5>\n<p>[\/vc_column_text][vc_empty_space height=\u00bb9px\u00bb][vc_column_text]<strong>Horario de atenci\u00f3n telef\u00f3nica:<\/strong><\/p>\n<p>Contanos qui\u00e9n es la persona que debemos cuidar<br \/>\nPodes llamarnos al 4442 7971 o al 099 840 582 cuando<br \/>\nla oficina se encuentre cerrada<\/p>\n<p>Asegur\u00e1ndote que te atenderemos los 365 d\u00edas del a\u00f1o las 24 hrs del d\u00eda[\/vc_column_text][vc_empty_space height=\u00bb14px\u00bb][vc_column_text]<\/p>\n<h5>Contacto<\/h5>\n<p>[\/vc_column_text][vc_row_inner][vc_column_inner width=\u00bb1\/2&#8243;]<div class=\"mkd-unordered-list \" >\n\n            <ul>\n                            <li class=\"mkd-list-item\" >\n\n                    \n                    <span class=\"icon\"><i class=\"mkd-icon-simple-line-icon icon-earphones-alt \" style=\"color:#8f78fd;font-size:18px\" ><\/i><\/span>\n                    <span class=\"text\" style=\"font-size:15px\">+598-44-42-79-71<\/span>\n                <\/li>\n                            <li class=\"mkd-list-item\" >\n\n                    \n                    <span class=\"icon\"><i class=\"mkd-icon-simple-line-icon icon-earphones-alt \" style=\"color:#8f78fd;font-size:18px\" ><\/i><\/span>\n                    <span class=\"text\" style=\"font-size:15px\">+598-99-840-582<\/span>\n                <\/li>\n                            <li class=\"mkd-list-item\" >\n\n                    \n                    <span class=\"icon\"><i class=\"mkd-icon-simple-line-icon icon-envelope-open \" style=\"color:#8f78fd;font-size:18px\" ><\/i><\/span>\n                    <span class=\"text\" style=\"font-size:15px\">administracion@sapyp.com.uy<\/span>\n                <\/li>\n                            <li class=\"mkd-list-item\" >\n\n                    \n                    <span class=\"icon\"><i class=\"mkd-icon-simple-line-icon icon-location-pin \" style=\"color:#8f78fd;font-size:18px\" ><\/i><\/span>\n                    <span class=\"text\" style=\"font-size:15px\">Treinta y Tres 678 Minas - Lavalleja<\/span>\n                <\/li>\n                    <\/ul>\n    \n<\/div>[\/vc_column_inner][vc_column_inner width=\u00bb1\/2&#8243;][\/vc_column_inner][\/vc_row_inner][vc_empty_space height=\u00bb14px\u00bb][vc_column_text]<\/p>\n<h5>\u00bfEres cuidador\/a y buscas empleo?<\/h5>\n<p>[\/vc_column_text][vc_column_text]<strong>Forma parte del Plan de capacitaci\u00f3n de cuidadores<br \/>\n<\/strong>Complet\u00e1 el formulario y carg\u00e1 tu CV[\/vc_column_text][vc_empty_space height=\u00bb18px\u00bb]\n\t<a itemprop=\"url\" href=\"http:\/\/sapyp.com.uy\/?page_id=9530\" target=\"_self\"  class=\"mkd-btn mkd-btn-medium mkd-btn-outline\"  >\n\t    <span class=\"mkd-btn-text\">Quiero trabajar!<\/span>\n\t    \t<\/a>\n\n            <\/div>\n        <\/div>\n    <\/div>\n<\/div><div class=\"mkd-elements-holder-item mkd-width-1-2 mkd-vertical-alignment-middle mkd-horizontal-alignment-left\" data-item-class=\"mkd-elements-holder-custom-844400\" >\n    <div class=\"mkd-elements-holder-item-inner\">\n        <div\n            class=\"mkd-elements-holder-item-content mkd-elements-holder-custom-844400\" style=\"background-color: #f6f6f6;padding: 75px 15% 110px 15%\">\n            <div class=\"mkd-elements-holder-item-content-inner\">\n                [vc_column_text]<\/p>\n<h3>Quiero m\u00e1s informaci\u00f3n<\/h3>\n<h6>D\u00e9janos tus datos y nos pondremos en contacto contigo<\/h6>\n<p>[\/vc_column_text][vc_empty_space]\n<div class=\"wpcf7 no-js\" id=\"wpcf7-f9419-o1\" lang=\"es-ES\" dir=\"ltr\" data-wpcf7-id=\"9419\">\n<div class=\"screen-reader-response\"><p role=\"status\" aria-live=\"polite\" aria-atomic=\"true\"><\/p> <ul><\/ul><\/div>\n<form action=\"\/index.php?rest_route=%2Fwp%2Fv2%2Fpages%2F135#wpcf7-f9419-o1\" method=\"post\" class=\"wpcf7-form init cf7_custom_style_2\" aria-label=\"Formulario de contacto\" novalidate=\"novalidate\" data-status=\"init\">\n<fieldset class=\"hidden-fields-container\"><input type=\"hidden\" name=\"_wpcf7\" value=\"9419\" \/><input type=\"hidden\" name=\"_wpcf7_version\" value=\"6.1.5\" \/><input type=\"hidden\" name=\"_wpcf7_locale\" value=\"es_ES\" \/><input type=\"hidden\" name=\"_wpcf7_unit_tag\" value=\"wpcf7-f9419-o1\" \/><input type=\"hidden\" name=\"_wpcf7_container_post\" value=\"0\" \/><input type=\"hidden\" name=\"_wpcf7_posted_data_hash\" value=\"\" \/>\n<\/fieldset>\n<p><label> Tu nombre (requerido)<br \/>\n<span class=\"wpcf7-form-control-wrap\" data-name=\"your-name\"><input size=\"40\" maxlength=\"400\" class=\"wpcf7-form-control wpcf7-text wpcf7-validates-as-required\" aria-required=\"true\" aria-invalid=\"false\" value=\"\" type=\"text\" name=\"your-name\" \/><\/span> <\/label>\n<\/p>\n<p><label> Tu correo electr\u00f3nico (requerido)<br \/>\n<span class=\"wpcf7-form-control-wrap\" data-name=\"your-email\"><input size=\"40\" maxlength=\"400\" class=\"wpcf7-form-control wpcf7-email wpcf7-validates-as-required wpcf7-text wpcf7-validates-as-email\" aria-required=\"true\" aria-invalid=\"false\" value=\"\" type=\"email\" name=\"your-email\" \/><\/span> <\/label>\n<\/p>\n<p><label> Tel\/Cel<br \/>\n<span class=\"wpcf7-form-control-wrap\" data-name=\"tel-801\"><input size=\"40\" maxlength=\"400\" class=\"wpcf7-form-control wpcf7-tel wpcf7-text wpcf7-validates-as-tel\" aria-invalid=\"false\" value=\"\" type=\"tel\" name=\"tel-801\" \/><\/span> <\/label>\n<\/p>\n<p><label> Tu mensaje<br \/>\n<span class=\"wpcf7-form-control-wrap\" data-name=\"your-message\"><textarea cols=\"40\" rows=\"10\" maxlength=\"2000\" class=\"wpcf7-form-control wpcf7-textarea\" aria-invalid=\"false\" name=\"your-message\"><\/textarea><\/span> <\/label>\n<\/p>\n<p><input class=\"wpcf7-form-control wpcf7-submit has-spinner\" type=\"submit\" value=\"Enviar\" \/>\n<\/p><div class=\"wpcf7-response-output\" aria-hidden=\"true\"><\/div>\n<\/form>\n<\/div>\n[vc_empty_space height=\u00bb42px\u00bb]            <\/div>\n        <\/div>\n    <\/div>\n<\/div><\/div>[\/vc_column][\/vc_row][vc_row disable_margin_on_row=\u00bbno\u00bb css=\u00bb.vc_custom_1484928210692{padding-top: 81px !important;padding-bottom: 39px !important;background-color: #f3f3f3 !important;}\u00bb][vc_column]<div class=\"mkd-clients-carousel-holder clearfix\"><div class=\"mkd-clients-carousel  mkd-owl-shortcode-slider\" data-items=\"5\" data-autoplay=\"3\" data-pause=\"yes\" data-loop=\"yes\" data-navigation=\"no\" data-pagination=\"no\"><div class=\"mkd-clients-carousel-item-holder\">\n                        <span class=\"mkd-clients-carousel-first-image-holder  mkd-image-zoom\">\n\t\t\t\t<img decoding=\"async\" data-src=\"https:\/\/sap.uy\/wp-content\/uploads\/2024\/02\/Horizontal-Normal.png\" alt=\"C 1\" src=\"data:image\/svg+xml;base64,PHN2ZyB3aWR0aD0iMSIgaGVpZ2h0PSIxIiB4bWxucz0iaHR0cDovL3d3dy53My5vcmcvMjAwMC9zdmciPjwvc3ZnPg==\" class=\"lazyload\" style=\"--smush-placeholder-width: 4300px; --smush-placeholder-aspect-ratio: 4300\/1470;\">\n\t\t\t<\/span>\n                        <\/div><div class=\"mkd-clients-carousel-item-holder\">\n                        <span class=\"mkd-clients-carousel-first-image-holder  mkd-image-zoom\">\n\t\t\t\t<img decoding=\"async\" data-src=\"https:\/\/sap.uy\/wp-content\/uploads\/2019\/04\/logo_unidos_.png\" alt=\"C2\" src=\"data:image\/svg+xml;base64,PHN2ZyB3aWR0aD0iMSIgaGVpZ2h0PSIxIiB4bWxucz0iaHR0cDovL3d3dy53My5vcmcvMjAwMC9zdmciPjwvc3ZnPg==\" class=\"lazyload\" style=\"--smush-placeholder-width: 1920px; --smush-placeholder-aspect-ratio: 1920\/817;\">\n\t\t\t<\/span>\n                        <\/div><div class=\"mkd-clients-carousel-item-holder\">\n                        <span class=\"mkd-clients-carousel-first-image-holder  mkd-image-zoom\">\n\t\t\t\t<img decoding=\"async\" data-src=\"https:\/\/sap.uy\/wp-content\/uploads\/2024\/02\/Horizontal-Normal.png\" alt=\"C3\" src=\"data:image\/svg+xml;base64,PHN2ZyB3aWR0aD0iMSIgaGVpZ2h0PSIxIiB4bWxucz0iaHR0cDovL3d3dy53My5vcmcvMjAwMC9zdmciPjwvc3ZnPg==\" class=\"lazyload\" style=\"--smush-placeholder-width: 4300px; --smush-placeholder-aspect-ratio: 4300\/1470;\">\n\t\t\t<\/span>\n                        <\/div><div class=\"mkd-clients-carousel-item-holder\">\n                        <span class=\"mkd-clients-carousel-first-image-holder  mkd-image-zoom\">\n\t\t\t\t<img decoding=\"async\" data-src=\"https:\/\/sap.uy\/wp-content\/uploads\/2019\/04\/logo_unidos_.png\" alt=\"C4\" src=\"data:image\/svg+xml;base64,PHN2ZyB3aWR0aD0iMSIgaGVpZ2h0PSIxIiB4bWxucz0iaHR0cDovL3d3dy53My5vcmcvMjAwMC9zdmciPjwvc3ZnPg==\" class=\"lazyload\" style=\"--smush-placeholder-width: 1920px; --smush-placeholder-aspect-ratio: 1920\/817;\">\n\t\t\t<\/span>\n                        <\/div><div class=\"mkd-clients-carousel-item-holder\">\n                        <span class=\"mkd-clients-carousel-first-image-holder  mkd-image-zoom\">\n\t\t\t\t<img decoding=\"async\" data-src=\"https:\/\/sap.uy\/wp-content\/uploads\/2024\/02\/Horizontal-Normal.png\" alt=\"C5\" src=\"data:image\/svg+xml;base64,PHN2ZyB3aWR0aD0iMSIgaGVpZ2h0PSIxIiB4bWxucz0iaHR0cDovL3d3dy53My5vcmcvMjAwMC9zdmciPjwvc3ZnPg==\" class=\"lazyload\" style=\"--smush-placeholder-width: 4300px; --smush-placeholder-aspect-ratio: 4300\/1470;\">\n\t\t\t<\/span>\n                        <\/div><div class=\"mkd-clients-carousel-item-holder\">\n                        <span class=\"mkd-clients-carousel-first-image-holder  mkd-image-zoom\">\n\t\t\t\t<img decoding=\"async\" data-src=\"https:\/\/sap.uy\/wp-content\/uploads\/2019\/04\/logo_unidos_.png\" alt=\"C6\" src=\"data:image\/svg+xml;base64,PHN2ZyB3aWR0aD0iMSIgaGVpZ2h0PSIxIiB4bWxucz0iaHR0cDovL3d3dy53My5vcmcvMjAwMC9zdmciPjwvc3ZnPg==\" class=\"lazyload\" style=\"--smush-placeholder-width: 1920px; --smush-placeholder-aspect-ratio: 1920\/817;\">\n\t\t\t<\/span>\n                        <\/div><\/div><\/div>[\/vc_column][\/vc_row]<\/p>\n","protected":false},"excerpt":{"rendered":"<p>[vc_row disable_margin_on_row=\u00bbno\u00bb][vc_column][rev_slider_vc alias=\u00bbhome3&#8243;][\/vc_column][\/vc_row][vc_row disable_margin_on_row=\u00bbno\u00bb][vc_column][\/vc_column][\/vc_row][vc_row content_aligment=\u00bbcenter\u00bb disable_margin_on_row=\u00bbno\u00bb][vc_column][\/vc_column][\/vc_row][vc_row content_width=\u00bbgrid\u00bb content_aligment=\u00bbcenter\u00bb disable_margin_on_row=\u00bbno\u00bb css=\u00bb.vc_custom_1484910041413{padding-top: 82px !important;padding-bottom: 75px !important;background-position: center !important;background-repeat: no-repeat !important;background-size: cover !important;}\u00bb][vc_column][vc_empty_space height=\u00bb10px\u00bb][vc_column_text] \u00bfCu\u00e1les son los pasos? [\/vc_column_text][vc_column_text] Cada persona es \u00fanica y es por ello que ofrecemos un cuidado personalizado, priorizando las necesidades de cada paciente&#8230;.<\/p>\n","protected":false},"author":1,"featured_media":0,"parent":0,"menu_order":0,"comment_status":"closed","ping_status":"closed","template":"full-width.php","meta":{"footnotes":""},"class_list":["post-135","page","type-page","status-publish","hentry"],"_links":{"self":[{"href":"https:\/\/sap.uy\/index.php?rest_route=\/wp\/v2\/pages\/135","targetHints":{"allow":["GET"]}}],"collection":[{"href":"https:\/\/sap.uy\/index.php?rest_route=\/wp\/v2\/pages"}],"about":[{"href":"https:\/\/sap.uy\/index.php?rest_route=\/wp\/v2\/types\/page"}],"author":[{"embeddable":true,"href":"https:\/\/sap.uy\/index.php?rest_route=\/wp\/v2\/users\/1"}],"replies":[{"embeddable":true,"href":"https:\/\/sap.uy\/index.php?rest_route=%2Fwp%2Fv2%2Fcomments&post=135"}],"version-history":[{"count":58,"href":"https:\/\/sap.uy\/index.php?rest_route=\/wp\/v2\/pages\/135\/revisions"}],"predecessor-version":[{"id":9739,"href":"https:\/\/sap.uy\/index.php?rest_route=\/wp\/v2\/pages\/135\/revisions\/9739"}],"wp:attachment":[{"href":"https:\/\/sap.uy\/index.php?rest_route=%2Fwp%2Fv2%2Fmedia&parent=135"}],"curies":[{"name":"wp","href":"https:\/\/api.w.org\/{rel}","templated":true}]}}